{"id":116,"date":"2023-03-30T12:29:41","date_gmt":"2023-03-30T10:29:41","guid":{"rendered":"https:\/\/avdpa.org\/?page_id=116"},"modified":"2023-03-30T17:03:35","modified_gmt":"2023-03-30T15:03:35","slug":"projet-collectif-de-recherche-reseau-de-lithotheques-en-auvergne-rhone-alpes","status":"publish","type":"page","link":"https:\/\/avdpa.org\/index.php\/projet-collectif-de-recherche-reseau-de-lithotheques-en-auvergne-rhone-alpes\/","title":{"rendered":"Projet collectif de recherche \u00ab\u00a0r\u00e9seau de lithoth\u00e8ques en Auvergne-Rh\u00f4ne-Alpes\u00a0\u00bb"},"content":{"rendered":"\n<div class=\"wp-block-genesis-blocks-gb-columns gb-layout-columns-2 gb-2-col-wideleft\"><div class=\"gb-layout-column-wrap gb-block-layout-column-gap-2 gb-is-responsive-column\">\n<div class=\"wp-block-genesis-blocks-gb-column gb-block-layout-column\"><div class=\"gb-block-layout-column-inner\">\n<p><strong>Auteurs :<\/strong> Paul FERNANDES, Vincent DELVIGNE, Erwan VAISSIE, Jean-Paul RAYNAL<\/p>\n\n\n\n<p>Au cours de la triennale de 2018 \u00e0 2020, nous avons consolid\u00e9 un r\u00e9seau d\u2019acteur.ice.s historiques et de jeunes chercheur.se.s form\u00e9.e.s au sein du groupe de recherche sur les mati\u00e8res siliceuses (silicites). Cette volont\u00e9 de rassembler toutes les comp\u00e9tences et d\u2019initier le plus grand nombre aux nouvelles m\u00e9thodes d\u2019analyse t\u00e9moignent du dynamisme d\u2019une \u00e9quipe soud\u00e9e et interactive, \u00e0 l\u2019\u00e9coute des probl\u00e9matiques arch\u00e9ologiques, g\u00e9ologiques, min\u00e9ralogiques et pal\u00e9og\u00e9ographiques \u00e9mergeant du questionnement sur l\u2019origine des mati\u00e8res premi\u00e8res.<\/p>\n\n\n\n<p>Au sein du PCR, nous disposons d\u00e9sormais d\u2019une dizaine de chercheur.se.s rompu.e.s aux m\u00e9thodes de caract\u00e9risation int\u00e9grant le concept de chaine \u00e9volutive. Ils sont en capacit\u00e9 de pr\u00e9senter des donn\u00e9es tra\u00e7ables et r\u00e9utilisables. Plusieurs articles pr\u00e9sentant des \u00ab r\u00e9sultats arch\u00e9ologiques \u00bb significatifs obtenus avec ces m\u00e9thodes ont d\u00e9j\u00e0 \u00e9t\u00e9 publi\u00e9s et quatre th\u00e8ses soutenues (Fernandes 2012, Delvigne 2016, Vaissi\u00e9 2021, Beauvais 2022), une autre sera soutenue en mars (Gibaud 2023) et deux autres sont en pr\u00e9paration (M. de Parthenay et F. Perron). Tous sont des membres du programme et interviennent dans les actions mises en place. Les r\u00e9sultats de ces travaux (et d\u2019autres compl\u00e9mentaires) sont publi\u00e9s ou en pr\u00e9paration.<\/p>\n\n\n\n<p>En 2022, seconde ann\u00e9e de triennale, le programme a poursuivi les missions s\u00e9lectionn\u00e9es au sein des axes de r\u00e9flexions mis en place en 2012 (voir infra). Les actions men\u00e9es sont le r\u00e9sultat d\u2019une synergie de plus en plus pr\u00e9gnante entre les membres actifs du PCR : \u00e9changes de comp\u00e9tences et partages de donn\u00e9es comme de r\u00e9sultats s&rsquo;imposent peu \u00e0 peu et cette ouverture est amplifi\u00e9e par la volont\u00e9 de la nouvelle g\u00e9n\u00e9ration de p\u00e9troarch\u00e9ologues form\u00e9s au sein des PCR depuis une dizaine d\u2019ann\u00e9es.<\/p>\n\n\n\n<p>L\u2019ann\u00e9e 2022 a vu une augmentation cons\u00e9quente des contributions, r\u00e9gionales et extrar\u00e9gionales. Les \u00e9changes avec les autres PCR, les laboratoires du CNRS (TEMPS, CEPAM, PACEA, TRACES, LAMPEA, Arch\u00e9osciences Bordeaux) et le GDR SILEX sont fructueux et rapprochent de fa\u00e7on profitable les \u00e9quipes qui auparavant travaillaient surtout \u00e0 l\u2019\u00e9chelle r\u00e9gionale. Cette mani\u00e8re de fonctionner en \u00e9changeant des informations et en donnant de son temps pour le bon fonctionnement du projet nous permet de r\u00e9pondre dans de meilleures conditions aux questions pos\u00e9es par une partie de la communaut\u00e9 des pr\u00e9historiens. A ce sujet, on note une \u00e9volution dans le questionnement g\u00e9n\u00e9ral : 1) le besoin de visualiser, gr\u00e2ce au d\u00e9veloppement du SIG, les emplacements des formations \u00e0 silicites ; 2) le besoin de m\u00e9thode pour classer efficacement les \u00e9chantillons g\u00e9ologiques et 3) logiquement, le besoin d\u2019une meilleure caract\u00e9risation des mat\u00e9riaux. Ceux-ci sont d\u00e9sormais \u00e0 la disposition des chercheur.se.s et replac\u00e9s dans l\u2019espace et le temps au sein des lithoth\u00e8ques. Le PCR, ou plut\u00f4t devrions-nous dire les PCR, encouragent cette \u00e9volution.<\/p>\n\n\n\n<p>Les r\u00e9sultats obtenus en 2022 montrent \u00e9galement des avanc\u00e9es qui m\u00e9ritent d\u2019\u00eatre not\u00e9es dans plusieurs des actions men\u00e9es par le PCR. Grace au bon fonctionnement des missions communes entre les membres des PCR et du GDR, nous pouvons porter \u00e0 notre cr\u00e9dit :<br>&#8211; le d\u00e9veloppement du SIG : la mise en ligne des donn\u00e9es cartographique sur les formations \u00e0 silicites couvre d\u00e9sormais plus de la moiti\u00e9 de l\u2019hexagone, ces donn\u00e9es sont publi\u00e9es sous licence Etalab 2.0, et surtout on note l\u2019ouverture \u00e0 toutes les personnes concern\u00e9es de la plateforme de cartographie dans un nouveau site web \u00e0 l\u2019adresse suivante : www.cartosilex.fr ;<br>&#8211; le bilan cartographique des formations \u00e0 silicites sous SIG en Auvergne-Rh\u00f4ne-Alpes est positif. Riche de plus de 10 000 polygones, il permet d\u2019offrir des perspectives optimistes dans nos intentions d\u2019\u00e9valuer l\u2019accessibilit\u00e9 et les circulations de g\u00e9omat\u00e9riaux pour les populations pass\u00e9es. La constitution de fichiers g\u00e9or\u00e9f\u00e9renc\u00e9s et harmonis\u00e9s, accessibles, interop\u00e9rables et d\u00e9sormais consultables, constitue une base solide sur laquelle peuvent se construire des atlas d\u00e9partementaux \u00e0 la fois pr\u00e9cis et didactiques ;<br>&#8211; l\u2019ach\u00e8vement du r\u00e9colement des lithoth\u00e8ques d\u2019Orgnac et de Valence ;<br>&#8211; le bon accueil des participants aux formations, que ce soit au sujet de l\u2019emploi du SIG ou des protocoles de caract\u00e9risation des silicites ;<br>&#8211; la finalisation du vade mecum ;<br>&#8211; les acquis sur plusieurs microfaci\u00e8s d\u2019\u00e9chantillons g\u00e9ologiques particuliers tels les \u00ab\u00a0meuli\u00e8res\u00a0\u00bb de Chavarot (63) et les galets marin de l\u2019\u00eele de Br\u00e9hat (22) ;<br>&#8211; les avanc\u00e9es de nos r\u00e9flexions sur les relations entre l\u2019eau et la silice ;<br>&#8211; les applications aux mobiliers arch\u00e9ologiques : Gipcy (Allier), le Blot, le Rond du Barry et Baume-Vall\u00e9e (Haute-Loire), la baume d\u2019Oulen (Labastide-de-Virac\/Le Garn, Ard\u00e8che\/Gard), l\u2019abri du Colombier II, la grotte Ebbou \u00e0 Vallon-Pont-D\u2019arc et la grotte aux Points \u00e0 Aigu\u00e8ze (Ard\u00e8che) ;<br>&#8211; le d\u00e9veloppement des collaborations entre P\u00e9troarch\u00e9ologie et Trac\u00e9ologie, pour une meilleure appr\u00e9hension des modifications post-d\u00e9positionnelles, afin d\u2019homog\u00e9n\u00e9iser et harmoniser les descriptions entre observateurs et entre corpus lithiques consid\u00e9r\u00e9s ;<br>&#8211; la multiplicit\u00e9 de la diffusion scientifique ;<br>&#8211; le point fort que fut l\u2019organisation, en collaboration avec les autres PCR \u00ab R\u00e9seau de lithoth\u00e8ques \u00bb et le GDR \u00ab SILEX \u00bb, d\u2019une Table ronde \u00e0 Lyon intitul\u00e9e \u00ab Bilan de 15 ans d\u2019approche dynamique des silicites \u00bb les 15 et 16 novembre. Cette r\u00e9union s\u2019est tenue dans le cadre des s\u00e9ances de la SPF (Soci\u00e9t\u00e9 pr\u00e9historique fran\u00e7aise) au sein des locaux du Mus\u00e9e Lugdunum. Elle a r\u00e9uni plus de 50 participants sur des th\u00e9matiques vari\u00e9es et les \u00e9changes ont \u00e9t\u00e9 fructueux.<\/p>\n\n\n\n<p>Cependant, tout ne s\u2019est pas d\u00e9roul\u00e9 comme pr\u00e9vu et deux de nos actions n\u2019ont pas d\u00e9bouch\u00e9 sur les r\u00e9sultats escompt\u00e9s :<br>&#8211; aucun des atlas alliant cartographie et caract\u00e9risation, c\u0153ur de notre activit\u00e9, depuis 2021 n\u2019est encore finalis\u00e9 ; seule une maquette est pr\u00e9sent\u00e9e dans le rapport d\u2019activit\u00e9 du PCR Nouvelle Aquitaine 2022. L\u2019ampleur de la t\u00e2che a \u00e9t\u00e9 sous-estim\u00e9e. Les engagements pris au commencement de cette triennale ne sont pas tenus. Il est de notre devoir de mieux nous organiser afin de partager ce travail chronophage en utilisant les m\u00e9thodes d\u00e9velopper au sein des PCR et du GDR \u00ab&nbsp;SILEX&nbsp;\u00bb. Pour cela, une strat\u00e9gie d\u2019\u00e9valuation des r\u00e9sultats et de contr\u00f4le de l\u2019harmonisation et de l\u2019interop\u00e9rabilit\u00e9 des fichiers a \u00e9t\u00e9 mise en place en 2022 ;<br>&#8211; le projet de cr\u00e9ation d\u2019une Cit\u00e9 du silex au Mus\u00e9e de Vassieux (26) a \u00e9t\u00e9 ajourn\u00e9 pour des raisons budg\u00e9taires.<\/p>\n\n\n\n<p>En 2023, La r\u00e9alisation d\u2019un Atlas des silicites de l\u2019Ard\u00e8che, alliant cartographie et caract\u00e9risation des propri\u00e9t\u00e9s visibles aux \u00e9chelles macro et microscopiques, sera au c\u0153ur de notre activit\u00e9. Nous allons nous concentrer \u00e0 son \u00e9laboration de fa\u00e7on plus pragmatique. C\u2019est une t\u00e2che laborieuse, d\u00e9marr\u00e9e en 2022, qui impose de v\u00e9rifier et amender toutes les fiches et figures existantes. En corolaire, le rapport de fin de triennale sera l\u2019occasion de publier la liste actualis\u00e9e des g\u00eetes de mat\u00e9riaux des principales lithoth\u00e8ques d\u2019Auvergne Rh\u00f4ne-Alpes (Orgnac, Laussonne, Valence, Pal\u00e9otime).<\/p>\n\n\n\n<p>L\u2019atlas sera avant tout destin\u00e9 aux \u00e9tudiant.e.s et aux chercheur.se.s en sciences humaines et\/ou naturelles. Il aura pour objectif de favoriser la reproductibilit\u00e9 et l\u2019interop\u00e9rabilit\u00e9 des caract\u00e9risations des silicites tant g\u00e9ologiques qu\u2019arch\u00e9ologiques. Avec ce type de document, nous estimons que la p\u00e9troarch\u00e9ologie disposera d\u2019un outil permettant d\u2019exprimer des notions \u00e0 la hauteur des divers questionnements de \u00ab&nbsp;territoires&nbsp;\u00bb \u00e9manant de la communaut\u00e9 des chercheur.se.s. Cet ach\u00e8vement se profile et devrait s\u2019\u00e9chelonner sur les prochaines ann\u00e9es, dans le cadre de ce programme de recherche et probablement d&rsquo;une APP sp\u00e9cifique.<\/p>\n<\/div><\/div>\n\n\n\n<div class=\"wp-block-genesis-blocks-gb-column gb-block-layout-column\"><div class=\"gb-block-layout-column-inner has-nv-light-bg-background-color\" style=\"padding-top:10px;padding-right:10px;padding-bottom:10px;padding-left:10px\">\n<figure class=\"wp-block-image size-large\"><img loading=\"lazy\" decoding=\"async\" width=\"1024\" height=\"736\" src=\"https:\/\/avdpa.org\/wp-content\/uploads\/2023\/03\/3110_light-1024x736.jpg\" alt=\"\" class=\"wp-image-114\" srcset=\"https:\/\/avdpa.org\/wp-content\/uploads\/2023\/03\/3110_light-1024x736.jpg 1024w, https:\/\/avdpa.org\/wp-content\/uploads\/2023\/03\/3110_light-300x216.jpg 300w, https:\/\/avdpa.org\/wp-content\/uploads\/2023\/03\/3110_light-768x552.jpg 768w, https:\/\/avdpa.org\/wp-content\/uploads\/2023\/03\/3110_light-1536x1105.jpg 1536w, https:\/\/avdpa.org\/wp-content\/uploads\/2023\/03\/3110_light-2048x1473.jpg 2048w\" sizes=\"auto, (max-width: 1024px) 100vw, 1024px\" \/><figcaption class=\"wp-element-caption\"><em>Exemple, pour le d\u00e9partement de la Dr\u00f4me, de diff\u00e9rences entre la cartographie vectoris\u00e9e du BRGM comprenant l\u2019ensemble des formations g\u00e9ologiques (\u00e0 gauche), et la cartographie des formations \u00e0 silicites (\u00e0 droite) (PAO : E. Vaissi\u00e9).<\/em><\/figcaption><\/figure>\n\n\n\n<figure class=\"wp-block-image size-large\"><img loading=\"lazy\" decoding=\"async\" width=\"724\" height=\"1024\" src=\"https:\/\/avdpa.org\/wp-content\/uploads\/2023\/03\/3111_light-724x1024.jpg\" alt=\"\" class=\"wp-image-115\" srcset=\"https:\/\/avdpa.org\/wp-content\/uploads\/2023\/03\/3111_light-724x1024.jpg 724w, https:\/\/avdpa.org\/wp-content\/uploads\/2023\/03\/3111_light-212x300.jpg 212w, https:\/\/avdpa.org\/wp-content\/uploads\/2023\/03\/3111_light-768x1086.jpg 768w, https:\/\/avdpa.org\/wp-content\/uploads\/2023\/03\/3111_light-1086x1536.jpg 1086w, https:\/\/avdpa.org\/wp-content\/uploads\/2023\/03\/3111_light-1448x2048.jpg 1448w, https:\/\/avdpa.org\/wp-content\/uploads\/2023\/03\/3111_light-scaled.jpg 1810w\" sizes=\"auto, (max-width: 724px) 100vw, 724px\" \/><figcaption class=\"wp-element-caption\"><em>En haut &#8211; Carte des formations \u00e0 silicites de la r\u00e9gion Auvergne-Rh\u00f4ne-Alpes.<br>En bas &#8211; Carte des points de prospections positifs g\u00e9or\u00e9f\u00e9renc\u00e9s disponibles pour la r\u00e9gion Auvergne-Rh\u00f4ne-Alpes \u2013 En bleu : \u00e9chantillons disponibles dans la lithoth\u00e8ques PACEA (r\u00e9f\u00e9rents J.-Ph. Faivre, S. Ducasse et M. Langlais ; UMR 5199, Universit\u00e9 de Bordeaux) ; en vert : les \u00e9chantillons issus des prospections ant\u00e9rieures \u00e0 2018 et disponibles dans les lithoth\u00e8ques Pierre-Bintz (r\u00e9f\u00e9rent P. Fernandes ; Pal\u00e9otime, Villard-de-Lans) et de l\u2019Arch\u00e9o-Logis (r\u00e9f\u00e9rent J.P. Raynal ; Laussonne) ; en rouge les \u00e9chantillons issus des prospections r\u00e9alis\u00e9es en 2019 et 2020, disponibles dans les lithoth\u00e8ques PACEA (op. cit.), Dolomieu (op. cit.), de l\u2019Arch\u00e9o-Logis (op. cit.) et du Service Arch\u00e9ologiques du D\u00e9partement de l\u2019Allier (r\u00e9f\u00e9rent A. Gibaud). (CAO et PAO : E Vaissi\u00e9)<\/em><\/figcaption><\/figure>\n<\/div><\/div>\n<\/div><\/div>\n","protected":false},"excerpt":{"rendered":"","protected":false},"author":1,"featured_media":0,"parent":0,"menu_order":0,"comment_status":"closed","ping_status":"closed","template":"","meta":{"neve_meta_sidebar":"","neve_meta_container":"full-width","neve_meta_enable_content_width":"on","neve_meta_content_width":95,"neve_meta_title_alignment":"","neve_meta_author_avatar":"","neve_post_elements_order":"","neve_meta_disable_header":"","neve_meta_disable_footer":"","neve_meta_disable_title":"","_ti_tpc_template_sync":false,"_ti_tpc_template_id":"","footnotes":""},"class_list":["post-116","page","type-page","status-publish","hentry"],"featured_image_src":null,"featured_image_src_square":null,"_links":{"self":[{"href":"https:\/\/avdpa.org\/index.php\/wp-json\/wp\/v2\/pages\/116","targetHints":{"allow":["GET"]}}],"collection":[{"href":"https:\/\/avdpa.org\/index.php\/wp-json\/wp\/v2\/pages"}],"about":[{"href":"https:\/\/avdpa.org\/index.php\/wp-json\/wp\/v2\/types\/page"}],"author":[{"embeddable":true,"href":"https:\/\/avdpa.org\/index.php\/wp-json\/wp\/v2\/users\/1"}],"replies":[{"embeddable":true,"href":"https:\/\/avdpa.org\/index.php\/wp-json\/wp\/v2\/comments?post=116"}],"version-history":[{"count":5,"href":"https:\/\/avdpa.org\/index.php\/wp-json\/wp\/v2\/pages\/116\/revisions"}],"predecessor-version":[{"id":175,"href":"https:\/\/avdpa.org\/index.php\/wp-json\/wp\/v2\/pages\/116\/revisions\/175"}],"wp:attachment":[{"href":"https:\/\/avdpa.org\/index.php\/wp-json\/wp\/v2\/media?parent=116"}],"curies":[{"name":"wp","href":"https:\/\/api.w.org\/{rel}","templated":true}]}}